{"id":105503,"date":"2019-10-11T20:40:24","date_gmt":"2019-10-11T18:40:24","guid":{"rendered":"https:\/\/cdiffprom.ch\/produit\/zubehoer-fuer-schraege-regale\/"},"modified":"2019-10-11T20:40:24","modified_gmt":"2019-10-11T18:40:24","slug":"zubehoer-fuer-schraege-regale","status":"publish","type":"product","link":"https:\/\/cdiffprom.ch\/de\/produit\/zubehoer-fuer-schraege-regale\/","title":{"rendered":"ZUBEH\u00d6R F\u00dcR SCHR\u00c4GE REGALE"},"content":{"rendered":"<h3><span style=\"color: #800000;\"><strong>Zubeh\u00f6r f\u00fcr schr\u00e4ge Regale<\/strong><\/span><\/h3>\n<p>Planen Sie eine Umgestaltung Ihres Medienraums? Entdecken Sie unser Zubeh\u00f6r f\u00fcr Schr\u00e4gregale, das Ihnen dabei helfen wird, die Regale leichter zu bewegen, sie zu verst\u00e4rken und ihre perfekte Stabilit\u00e4t zu gew\u00e4hrleisten. <\/p>\n<p>Unser Zubeh\u00f6r f\u00fcr schr\u00e4ge Regale wird mit den Pfosten verwendet, die Sie auf dieser Seite sehen k\u00f6nnen.<strong><span style=\"color: #800000;\"> <a style=\"color: #800000;\" href=\"https:\/\/cdiffprom.ch\/produit\/montants-pour-rayonnages-de-presse\/\">auf dieser Seite sehen k\u00f6nnen<\/a><\/span><\/strong><\/p>\n<p>Von den Rollen bis zu den Verst\u00e4rkungsstreben lassen sich alle sehr leicht an die Pfosten anpassen, indem sie einfach zusammengesteckt werden.<\/p>\n<p>Z\u00f6gern Sie nicht <strong><span style=\"color: #800000;\"><a style=\"color: #800000;\" href=\"https:\/\/cdiffprom.ch\/elements\/contactez-nous\/\">Lassen Sie sich beraten<\/a><\/span><\/strong> Lassen Sie sich von uns beraten, wie Sie sie am besten in vielen verschiedenen Konfigurationen einsetzen k\u00f6nnen. Gerne montieren wir sie auch bei Ihnen in Ihrem Gesch\u00e4ft, ohne zus\u00e4tzliche Kosten. <\/p>\n<p>Alle unsere Zubeh\u00f6rteile f\u00fcr schr\u00e4ge Regale sind mit allen unseren Regalen kompatibel, ob gro\u00df oder klein, mit Vorderkante, horizontal oder dreistufig.<\/p>\n<h4><span style=\"color: #800000;\"><strong>Lieferbedingungen<\/strong><\/span><\/h4>\n<p>Alle unsere Produkte sind innerhalb von 10 Tagen nach Eingang Ihrer Bestellung lieferbar. Bitte z\u00f6gern Sie nicht, uns zu kontaktieren. <a href=\"https:\/\/cdiffprom.ch\/elements\/contactez-nous\/\"><strong><span style=\"color: #800000;\">uns zu kontaktieren.<\/span><\/strong><\/a> Wenn Sie einen dringenderen Bedarf haben, k\u00f6nnen wir Ihnen immer eine schnellere L\u00f6sung anbieten. <\/p>\n<p>Einige Artikel k\u00f6nnen eine l\u00e4ngere Lieferzeit in Anspruch nehmen, da sie nicht auf Lager unseres Lieferanten sind. In diesem Fall werden Sie nach Eingang Ihrer Bestellung benachrichtigt. <\/p>\n<p>Wir liefern versandkostenfrei ab einem Bestellwert von CHF. 500.-. Unterhalb dieses Betrags wird eine Pauschale von CHF. 15,90 zu entrichten. <\/p>\n<p>Bei allen Online-Bestellungen f\u00fchren wir immer einen Telefonanruf durch, um sicherzustellen, dass Sie das richtige Produkt f\u00fcr Ihre Bed\u00fcrfnisse ausgew\u00e4hlt haben. So k\u00f6nnen Sie sicher sein, dass Sie die richtige Wahl treffen. <\/p>\n<p>Bitte beachten Sie, dass die Promo-Codes nicht kumulierbar sind und der Rabatt auf Ihrer Bestellung sichtbar ist.<\/p>\n","protected":false},"excerpt":{"rendered":"<p>Alle diese Accessoires k\u00f6nnen mit den Regalen verwendet werden, die Sie hier finden k\u00f6nnen. <strong><span style=\"color: #800000;\"><a style=\"color: #800000;\" href=\"https:\/\/cdiffprom.ch\/produit\/gradin-presse-3-niveaux\/\">Sie hier einsehen k\u00f6nnen.<\/a><\/span><\/strong>.<\/p>\n<p>Ben\u00f6tigen Sie weitere Erkl\u00e4rungen? <strong><span style=\"color: #800000;\"><a style=\"color: #800000;\" href=\"https:\/\/cdiffprom.ch\/elements\/contactez-nous\/\">Hinterlassen Sie uns eine Nachricht.<\/a><\/span><\/strong><\/p>\n","protected":false},"featured_media":102858,"template":"","meta":{"slim_seo":{"title":"ZUBEH\u00d6R F\u00dcR SCHR\u00c4GE REGALE - Suisse - C.Diff-Prom","description":"Alle diese Accessoires k\u00f6nnen mit den Regalen verwendet werden, die Sie hier finden k\u00f6nnen. Sie hier einsehen k\u00f6nnen. . Ben\u00f6tigen Sie weitere Erkl\u00e4rungen? Hinte"}},"product_brand":[],"product_cat":[6402,6401],"product_tag":[],"class_list":{"0":"post-105503","1":"product","2":"type-product","3":"status-publish","4":"has-post-thumbnail","6":"product_cat-regale-fur-presse-und-zeitungen","7":"product_cat-zeitungsstander","9":"first","10":"instock","11":"taxable","12":"shipping-taxable","13":"purchasable","14":"product-type-variable"},"_links":{"self":[{"href":"https:\/\/cdiffprom.ch\/de\/wp-json\/wp\/v2\/product\/105503","targetHints":{"allow":["GET"]}}],"collection":[{"href":"https:\/\/cdiffprom.ch\/de\/wp-json\/wp\/v2\/product"}],"about":[{"href":"https:\/\/cdiffprom.ch\/de\/wp-json\/wp\/v2\/types\/product"}],"wp:featuredmedia":[{"embeddable":true,"href":"https:\/\/cdiffprom.ch\/de\/wp-json\/wp\/v2\/media\/102858"}],"wp:attachment":[{"href":"https:\/\/cdiffprom.ch\/de\/wp-json\/wp\/v2\/media?parent=105503"}],"wp:term":[{"taxonomy":"product_brand","embeddable":true,"href":"https:\/\/cdiffprom.ch\/de\/wp-json\/wp\/v2\/product_brand?post=105503"},{"taxonomy":"product_cat","embeddable":true,"href":"https:\/\/cdiffprom.ch\/de\/wp-json\/wp\/v2\/product_cat?post=105503"},{"taxonomy":"product_tag","embeddable":true,"href":"https:\/\/cdiffprom.ch\/de\/wp-json\/wp\/v2\/product_tag?post=105503"}],"curies":[{"name":"wp","href":"https:\/\/api.w.org\/{rel}","templated":true}]}}