{"id":105583,"date":"2020-01-31T18:38:48","date_gmt":"2020-01-31T17:38:48","guid":{"rendered":"https:\/\/cdiffprom.ch\/produit\/aluled-wandvitrine\/"},"modified":"2020-01-31T18:38:48","modified_gmt":"2020-01-31T17:38:48","slug":"aluled-wandvitrine","status":"publish","type":"product","link":"https:\/\/cdiffprom.ch\/de\/produit\/aluled-wandvitrine\/","title":{"rendered":"ALU+LED WANDVITRINE"},"content":{"rendered":"<h3><span style=\"color: #800000;\"><strong>Wandvitrine ALU+LED<\/strong><\/span><\/h3>\n<p>Diese sch\u00f6ne ALU+LED Wandvitrine f\u00fcr Ihre Ausstellungsgestaltung wird Ihnen gute Dienste leisten. Sie k\u00f6nnen Ihre Produkte optimal und sicher pr\u00e4sentieren. <strong><br \/>\n<\/strong><\/p>\n<p>Wenn Sie die Installation ben\u00f6tigen, ist die Montage f\u00fcr Sie kostenlos.<\/p>\n<h4><span style=\"color: #800000;\"><strong>Technische Spezifikationen<\/strong><\/span><\/h4>\n<ul>\n<li>Sehr robuste Struktur aus mattschwarz lackiertem Aluminium, W\u00e4nde und T\u00fcren aus Sicherheitsglas<\/li>\n<li>Abmessungen: 90 cm breit, 90 cm hoch, 15 cm tief.<\/li>\n<li>Dach, Boden und Boden aus Vollmaterial und 2 verstellbare Glasb\u00f6den<\/li>\n<li>Ablagen aus 7 mm starkem Sicherheitsglas, eventuell verstellbar<\/li>\n<li>Schiebet\u00fcren mit Schl\u00f6ssern mit 2 Schl\u00fcsseln.<\/li>\n<li>Beleuchtung mit schwenkbaren LED-Spots, 220 V, Schalter im Inneren der Vitrine, 2 m langes Kabel<\/li>\n<li>Der Schaukasten wird komplett montiert geliefert und kann an der Wand befestigt werden.<\/li>\n<li>2 Spots auf dem Volldach und 4 schwenkbare seitliche LED-Spots in den Ecken<\/li>\n<li>Gesamtgewicht 23 kg<\/li>\n<\/ul>\n<h4><span style=\"color: #800000;\"><strong>Lieferbedingungen<\/strong><\/span><\/h4>\n<p>Alle unsere Produkte sind innerhalb von 10 Tagen nach Eingang Ihrer Bestellung lieferbar. Bitte z\u00f6gern Sie nicht, uns zu kontaktieren. <span style=\"color: #800000;\"><strong><a style=\"color: #800000;\" href=\"https:\/\/cdiffprom.ch\/elements\/contactez-nous\/\">uns zu kontaktieren.<\/a><\/strong><\/span> Wenn Sie einen dringenderen Bedarf haben, k\u00f6nnen wir Ihnen immer eine schnellere L\u00f6sung anbieten. <\/p>\n<p>Wir w\u00e4hlen diese Frist, um unsere Transporte zu optimieren und so die nachhaltige Entwicklung zu respektieren. Dies ist f\u00fcr uns auch ein Mittel, um unsere Kosten zu senken, so dass Sie stets von niedrigen und fairen Preisen profitieren k\u00f6nnen. <\/p>\n<p>Einige Artikel k\u00f6nnen eine l\u00e4ngere Lieferzeit in Anspruch nehmen, da sie nicht auf Lager unseres Lieferanten sind. In diesem Fall werden Sie nach Eingang Ihrer Bestellung benachrichtigt. <\/p>\n<p>Wir liefern versandkostenfrei ab einem Bestellwert von CHF. 500.-. Unterhalb dieses Betrags wird eine Pauschale von CHF. 15,90 zu entrichten. <\/p>\n<p>Bei allen Online-Bestellungen f\u00fchren wir immer einen Telefonanruf durch, um sicherzustellen, dass Sie das richtige Produkt f\u00fcr Ihre Bed\u00fcrfnisse ausgew\u00e4hlt haben. So k\u00f6nnen Sie sicher sein, dass Sie die richtige Wahl treffen. <\/p>\n<p>&nbsp;<\/p>\n","protected":false},"excerpt":{"rendered":"<p>Sch\u00f6ne Wandvitrine f\u00fcr eine optimale Pr\u00e4sentation Ihrer Produkte.<\/p>\n<p>Sehen Sie sich auch unsere Ausstellungsvitrinen an.<span style=\"color: #800000;\"><strong><a style=\"color: #800000;\" href=\"https:\/\/cdiffprom.ch\/produit\/vitrine-exposition-avec-eclairage-et-reserve\/\"> Ausstellungsvitrinen mit Vorratsraum<\/a> <\/strong><\/span>um Ihr Inventar in der N\u00e4he zu haben, die auf dem Boden stehen.<\/p>\n","protected":false},"featured_media":103886,"template":"","meta":{"slim_seo":{"title":"ALU+LED WANDVITRINE - Suisse - C.Diff-Prom","description":"Sch\u00f6ne Wandvitrine f\u00fcr eine optimale Pr\u00e4sentation Ihrer Produkte. Sehen Sie sich auch unsere Ausstellungsvitrinen an. Ausstellungsvitrinen mit Vorratsraum um Ih"}},"product_brand":[],"product_cat":[6362,6419],"product_tag":[],"class_list":{"0":"post-105583","1":"product","2":"type-product","3":"status-publish","4":"has-post-thumbnail","6":"product_cat-ausstellungen","7":"product_cat-ausstellungsvitrinen","9":"first","10":"instock","11":"taxable","12":"shipping-taxable","13":"purchasable","14":"product-type-simple"},"_links":{"self":[{"href":"https:\/\/cdiffprom.ch\/de\/wp-json\/wp\/v2\/product\/105583","targetHints":{"allow":["GET"]}}],"collection":[{"href":"https:\/\/cdiffprom.ch\/de\/wp-json\/wp\/v2\/product"}],"about":[{"href":"https:\/\/cdiffprom.ch\/de\/wp-json\/wp\/v2\/types\/product"}],"wp:featuredmedia":[{"embeddable":true,"href":"https:\/\/cdiffprom.ch\/de\/wp-json\/wp\/v2\/media\/103886"}],"wp:attachment":[{"href":"https:\/\/cdiffprom.ch\/de\/wp-json\/wp\/v2\/media?parent=105583"}],"wp:term":[{"taxonomy":"product_brand","embeddable":true,"href":"https:\/\/cdiffprom.ch\/de\/wp-json\/wp\/v2\/product_brand?post=105583"},{"taxonomy":"product_cat","embeddable":true,"href":"https:\/\/cdiffprom.ch\/de\/wp-json\/wp\/v2\/product_cat?post=105583"},{"taxonomy":"product_tag","embeddable":true,"href":"https:\/\/cdiffprom.ch\/de\/wp-json\/wp\/v2\/product_tag?post=105583"}],"curies":[{"name":"wp","href":"https:\/\/api.w.org\/{rel}","templated":true}]}}