{"id":105703,"date":"2021-02-01T16:39:15","date_gmt":"2021-02-01T15:39:15","guid":{"rendered":"https:\/\/cdiffprom.ch\/produit\/vm-panoramische-banner\/"},"modified":"2021-02-01T16:39:15","modified_gmt":"2021-02-01T15:39:15","slug":"vm-panoramische-banner","status":"publish","type":"product","link":"https:\/\/cdiffprom.ch\/de\/produit\/vm-panoramische-banner\/","title":{"rendered":"VM PANORAMISCHE BANNER"},"content":{"rendered":"<h3><strong><span style=\"color: #993300;\">VM Panorama-Banner<\/span><\/strong><\/h3>\n<p>Um Ihnen eine andere Sicht auf Ihr Schaufenster zu bieten, entscheiden Sie sich f\u00fcr unsere VM Panorama-Banner, die in 2 L\u00e4ngen f\u00fcr 2 oder 3 S\u00e4ulen erh\u00e4ltlich sind.<\/p>\n<p>Au\u00dferdem k\u00f6nnen Sie mit diesen doppelseitigen Schildern auch im Inneren Ihres Schaufensters eine Botschaft anbringen.<\/p>\n<p>Mit der gleichen Helligkeit wie unsere A4- und A3-Medien, k\u00f6nnen Sie es auch an der Wand aufstellen.<\/p>\n<p>Mit seinem eleganten Finish und den verdeckten Befestigungen erm\u00f6glicht Ihnen dieses ultrahelle VM Hybrid LED-Panorama-Banner, mit Bildern im Hoch- und Querformat zu spielen!<\/p>\n<p>Wir drucken Ihre Grafiken auch gerne auf Backlight-Papier mit den richtigen Innenma\u00dfen f\u00fcr Ihr Medium.<\/p>\n<h4><strong><span style=\"color: #993300;\">Technische Spezifikationen<\/span><\/strong><\/h4>\n<ul>\n<li>Erh\u00e4ltlich in den Formaten S und L mit Au\u00dfenma\u00dfen von 1082 x 412 mm (S) und 1454 x 412mm (L).<\/li>\n<li>Abmessungen des Druckbildes: 1020 x 350 mm (S) und 1392 x 350 mm (L)<\/li>\n<li>Helligkeit von 3500 LUX (S) und 4000 LUX (L)<\/li>\n<li>Bis zu 80.000 Betriebsstunden<\/li>\n<li>Farben: Silber (Vorderseite) \/ Wei\u00df (R\u00fcckseite) oder Schwarz\/Schwarz<\/li>\n<\/ul>\n<h4><span style=\"color: #993300;\"><strong>Lieferbedingungen<\/strong><\/span><\/h4>\n<p>Alle unsere Produkte sind innerhalb von 10 Tagen nach Eingang Ihrer Bestellung lieferbar. Bitte z\u00f6gern Sie nicht, uns zu kontaktieren.<strong> <span style=\"color: #993300;\"><a style=\"color: #993300;\" href=\"https:\/\/cdiffprom.ch\/elements\/contactez-nous\/\">kontaktieren Sie uns<\/a><\/span><\/strong> <span style=\"color: #993300;\"> <\/span>Wenn Sie einen dringenderen Bedarf haben, k\u00f6nnen wir Ihnen immer eine schnellere L\u00f6sung anbieten.<\/p>\n<p>Einige Artikel k\u00f6nnen eine l\u00e4ngere Lieferzeit in Anspruch nehmen, da sie nicht auf Lager unseres Lieferanten sind. In diesem Fall werden Sie nach Eingang Ihrer Bestellung benachrichtigt. <\/p>\n<p>Wir liefern versandkostenfrei ab einem Bestellwert von CHF. 500.-. Unterhalb dieses Betrags wird eine Pauschale von CHF. 15,90 zu entrichten. <\/p>\n<p>Bei allen Online-Bestellungen f\u00fchren wir immer einen Telefonanruf durch, um sicherzustellen, dass Sie das richtige Produkt f\u00fcr Ihre Bed\u00fcrfnisse ausgew\u00e4hlt haben. So k\u00f6nnen Sie sicher sein, dass Sie die richtige Wahl treffen. <\/p>\n","protected":false},"excerpt":{"rendered":"<p>VM Panorama-Banner Um Ihnen eine andere Sicht auf Ihr Schaufenster zu bieten, entscheiden Sie sich f\u00fcr unsere VM Panorama-Banner, die in 2 L\u00e4ngen f\u00fcr 2 oder 3 S\u00e4ulen erh\u00e4ltlich sind. Au\u00dferdem k\u00f6nnen Sie mit diesen doppelseitigen Schildern auch im Inneren Ihres Schaufensters eine Botschaft anbringen. Mit der gleichen Helligkeit wie unsere A4- und A3-Medien, k\u00f6nnen&#8230;<\/p>\n","protected":false},"featured_media":104196,"template":"","meta":{"slim_seo":{"title":"VM PANORAMISCHE BANNER - Suisse - C.Diff-Prom","description":"VM Panorama-Banner Um Ihnen eine andere Sicht auf Ihr Schaufenster zu bieten, entscheiden Sie sich f\u00fcr unsere VM Panorama-Banner, die in 2 L\u00e4ngen f\u00fcr 2 oder 3 S"}},"product_brand":[],"product_cat":[6373,6430],"product_tag":[],"class_list":{"0":"post-105703","1":"product","2":"type-product","3":"status-publish","4":"has-post-thumbnail","6":"product_cat-leuchtanzeige","7":"product_cat-vitrinemedia-de","9":"first","10":"instock","11":"taxable","12":"shipping-taxable","13":"purchasable","14":"product-type-variable"},"_links":{"self":[{"href":"https:\/\/cdiffprom.ch\/de\/wp-json\/wp\/v2\/product\/105703","targetHints":{"allow":["GET"]}}],"collection":[{"href":"https:\/\/cdiffprom.ch\/de\/wp-json\/wp\/v2\/product"}],"about":[{"href":"https:\/\/cdiffprom.ch\/de\/wp-json\/wp\/v2\/types\/product"}],"wp:featuredmedia":[{"embeddable":true,"href":"https:\/\/cdiffprom.ch\/de\/wp-json\/wp\/v2\/media\/104196"}],"wp:attachment":[{"href":"https:\/\/cdiffprom.ch\/de\/wp-json\/wp\/v2\/media?parent=105703"}],"wp:term":[{"taxonomy":"product_brand","embeddable":true,"href":"https:\/\/cdiffprom.ch\/de\/wp-json\/wp\/v2\/product_brand?post=105703"},{"taxonomy":"product_cat","embeddable":true,"href":"https:\/\/cdiffprom.ch\/de\/wp-json\/wp\/v2\/product_cat?post=105703"},{"taxonomy":"product_tag","embeddable":true,"href":"https:\/\/cdiffprom.ch\/de\/wp-json\/wp\/v2\/product_tag?post=105703"}],"curies":[{"name":"wp","href":"https:\/\/api.w.org\/{rel}","templated":true}]}}