{"id":106194,"date":"2018-05-21T14:33:43","date_gmt":"2018-05-21T12:33:43","guid":{"rendered":"https:\/\/cdiffprom.ch\/produit\/posterstaender-zum-aufhaengen\/"},"modified":"2018-05-21T14:33:43","modified_gmt":"2018-05-21T12:33:43","slug":"posterstaender-zum-aufhaengen","status":"publish","type":"product","link":"https:\/\/cdiffprom.ch\/de\/produit\/posterstaender-zum-aufhaengen\/","title":{"rendered":"Posterst\u00e4nder zum Aufh\u00e4ngen"},"content":{"rendered":"<h3><span style=\"color: #800000;\">Posterst\u00e4nder zum Aufh\u00e4ngen<\/span><\/h3>\n<p>Satz von 2 Profilen H\u00e4ngende Posterst\u00e4nder oben und unten aus eloxiertem Aluminium zur Installation in Ihrem Schaufenster.<br \/>\nMit dem Klick-Klack-System oben und unten k\u00f6nnen Sie Ihr Poster bis zu einer Dicke von 5 mm einfach anbringen.<br \/>\nAu\u00dferdem sorgt das Gewicht des unteren Profils f\u00fcr eine perfekte Spannung Ihrer Botschaft.<\/p>\n<p>Das obere Profil ist mit 2 verschiebbaren Aufh\u00e4ngehaken ausgestattet. So k\u00f6nnen Sie es nach Ihren W\u00fcnschen einstellen.<br \/>\nBei den L\u00e4ngen gibt es viele M\u00f6glichkeiten von 21 bis 120 cm.<br \/>\nDie Dr\u00e4hte oder Kabel f\u00fcr die Aufh\u00e4ngung sind nicht im Lieferumfang enthalten. Sie k\u00f6nnen einen Nylonfaden verwenden, um den St\u00e4nder zu befestigen.  <\/p>\n<p>Der Plakatst\u00e4nder zum Aufh\u00e4ngen ist die einfachste und g\u00fcnstigste L\u00f6sung, um in Ihrem Schaufenster zu plakatieren und von weitem gesehen zu werden.<br \/>\nWenn Sie andere L\u00e4ngen ben\u00f6tigen, <span style=\"color: #800000;\"><a style=\"color: #800000;\" href=\"https:\/\/cdiffprom.ch\/elements\/contactez-nous\/\">kontaktieren Sie uns bitte<\/a><\/span>Wir werden Ihnen gerne schnell antworten.<br \/>\nWir k\u00f6nnen Ihren H\u00e4nge-Posterst\u00e4nder ohne zus\u00e4tzliche Kosten in Ihrem Schaufenster anbringen, bitte fragen Sie uns bei Ihrer Bestellung danach.<\/p>\n<h4><span style=\"color: #800000;\">Installationen<\/span><\/h4>\n<p>H\u00e4ngende Posterst\u00e4nder k\u00f6nnen auf verschiedene Arten installiert werden, von der Decke oder an der Wand.<br \/>\nEs ist auch m\u00f6glich, sie als Raumteiler zu installieren, auch doppelseitig, oder um ein Innen- und ein Au\u00dfenplakat zu haben.<br \/>\nAu\u00dferdem k\u00f6nnen Sie mit diesem Medium Poster in allen Gr\u00f6\u00dfen verwenden. Es gibt keine Einschr\u00e4nkungen hinsichtlich des Formats. Die verschiedenen L\u00e4ngen sind immer in Zentimetern angegeben.<br \/>\nSie k\u00f6nnen diesen St\u00e4nder auch an einer Wand anbringen. Er ist sehr einfach mit 2 N\u00e4geln oder 2 Schrauben anzubringen.   <\/p>\n<p>Andere m\u00f6gliche Anwendungen f\u00fcr Poster sind Kakemonos, die normalerweise l\u00e4nger und dicker als gew\u00f6hnliche Papierposter sind.<br \/>\nSchlie\u00dflich k\u00f6nnen Sie sich dieses Produkt auch auf der Website unseres Lieferanten ansehen, <a href=\"https:\/\/www.edimeta.fr\/plv-mobilier\/affichage\/porte-affiche-muraux\/porte-affiches-muraux-ou-a-suspendre.html\"><span style=\"color: #800000;\">Edimeta<\/span><\/a>, f\u00fcr den wir Importeur f\u00fcr die Schweiz sind. Die Preise sind die gleichen.<br \/>\nUnd wenn Sie Hilfe bei der Erstellung Ihrer Poster ben\u00f6tigen, wenden Sie sich bitte an<span style=\"color: #ff6600;\"> <a style=\"color: #ff6600;\" href=\"https:\/\/impactpub.ch\/\"><span style=\"color: #800000;\">Impact Pub<\/span><\/a><\/span> wenn Sie sich in Genf befinden und<span style=\"color: #800000;\"><a href=\"http:\/\/www.kontrast-publicite.ch\/\"> Kontrast Publicit\u00e9<\/a><\/span> wenn Sie sich in Neuch\u00e2tel &#8211; Chaux de Fonds befinden. <\/p>\n<p>&nbsp;<\/p>\n","protected":false},"excerpt":{"rendered":"<p>Der preisg\u00fcnstigste und praktischste St\u00e4nder f\u00fcr Ihr Schaufenster, ideal f\u00fcr Friseursalons, die ihre Modelle im Schaufenster ausstellen m\u00f6chten.<\/p>\n<p><a href=\"https:\/\/cdiff.bel-web.com\/contact\/\">Fordern Sie unsere Sonderangebote zu diesem Produkt an<\/a>.<\/p>\n<p>&nbsp;<\/p>\n<p>&nbsp;<\/p>\n","protected":false},"featured_media":103690,"template":"","meta":{"slim_seo":{"title":"Posterst\u00e4nder zum Aufh\u00e4ngen - Suisse - C.Diff-Prom","description":"Der preisg\u00fcnstigste und praktischste St\u00e4nder f\u00fcr Ihr Schaufenster, ideal f\u00fcr Friseursalons, die ihre Modelle im Schaufenster ausstellen m\u00f6chten. Fordern Sie uns"}},"product_brand":[],"product_cat":[6342,6339,6577],"product_tag":[6578],"class_list":{"0":"post-106194","1":"product","2":"type-product","3":"status-publish","4":"has-post-thumbnail","6":"product_cat-anzeige","7":"product_cat-plakatrahmen","8":"product_cat-wandposterhalter","9":"product_tag-wandposterhalter","11":"first","12":"instock","13":"taxable","14":"shipping-taxable","15":"purchasable","16":"product-type-variable"},"_links":{"self":[{"href":"https:\/\/cdiffprom.ch\/de\/wp-json\/wp\/v2\/product\/106194","targetHints":{"allow":["GET"]}}],"collection":[{"href":"https:\/\/cdiffprom.ch\/de\/wp-json\/wp\/v2\/product"}],"about":[{"href":"https:\/\/cdiffprom.ch\/de\/wp-json\/wp\/v2\/types\/product"}],"wp:featuredmedia":[{"embeddable":true,"href":"https:\/\/cdiffprom.ch\/de\/wp-json\/wp\/v2\/media\/103690"}],"wp:attachment":[{"href":"https:\/\/cdiffprom.ch\/de\/wp-json\/wp\/v2\/media?parent=106194"}],"wp:term":[{"taxonomy":"product_brand","embeddable":true,"href":"https:\/\/cdiffprom.ch\/de\/wp-json\/wp\/v2\/product_brand?post=106194"},{"taxonomy":"product_cat","embeddable":true,"href":"https:\/\/cdiffprom.ch\/de\/wp-json\/wp\/v2\/product_cat?post=106194"},{"taxonomy":"product_tag","embeddable":true,"href":"https:\/\/cdiffprom.ch\/de\/wp-json\/wp\/v2\/product_tag?post=106194"}],"curies":[{"name":"wp","href":"https:\/\/api.w.org\/{rel}","templated":true}]}}