{"id":106258,"date":"2019-03-06T18:06:10","date_gmt":"2019-03-06T17:06:10","guid":{"rendered":"https:\/\/cdiffprom.ch\/produit\/pfosten-und-regal-allein\/"},"modified":"2019-03-06T18:06:10","modified_gmt":"2019-03-06T17:06:10","slug":"pfosten-und-regal-allein","status":"publish","type":"product","link":"https:\/\/cdiffprom.ch\/de\/produit\/pfosten-und-regal-allein\/","title":{"rendered":"Pfosten und Regal allein"},"content":{"rendered":"<h3><span style=\"color: #993300;\"><strong>Pfosten und Regal allein<\/strong><br \/>\n<\/span><\/h3>\n<p>Stellen Sie sich Ihr Display mit dem verf\u00fcgbaren Zubeh\u00f6r, wie z.B. Pfosten und Regal, nach Ihren Bed\u00fcrfnissen zusammen.<\/p>\n<p>Ein Display ist ein idealer Werbetr\u00e4ger, der sich f\u00fcr alle Arten von Bereichen eignet, z.B. im Verkauf, in der Gastronomie, in Friseursalons oder auch in Autowerkst\u00e4tten. Mit dem Set, das Sie selbst zusammenstellen k\u00f6nnen, findet es leicht seinen Platz bei Ihnen zu Hause, um mit Ihren Kunden oder potenziellen Kunden zu kommunizieren. <\/p>\n<h4><strong><span style=\"color: #993300;\">Der Fu\u00df und der Sockel allein<\/span><\/strong><\/h4>\n<p>Die F\u00fc\u00dfe sind mit 4 Rillen f\u00fcr die Montage von Zubeh\u00f6r ausgestattet. Der Fu\u00df allein ist 192 cm hoch, w\u00e4hrend der mit 12 kg beschwerte Sockel einen Durchmesser von 45 cm hat. <\/p>\n<h4><strong><span style=\"color: #993300;\">Das schr\u00e4ge Regal<\/span><\/strong><\/h4>\n<p>Das schr\u00e4ge Regal hat eine H\u00f6he von 32 cm und eine Breite von 46 cm, die Sie auf jeder H\u00f6he an Ihrem Pfosten befestigen k\u00f6nnen. Das Regal wird immer mit Befestigungsmaterial geliefert. <\/p>\n<p>F\u00fcr eine perfekte Zusammenstellung sehen Sie sich bitte unsere<span style=\"color: #800000;\"><a style=\"color: #800000;\" href=\"https:\/\/cdiffprom.ch\/produit\/presentoirs-affichage-et-brochures\/\"> Komplettpakete<\/a><\/span> um Ihnen Ideen und Anregungen zu geben. Bitte beachten Sie, dass dieses Displaysystem auch in doppelseitiger Ausf\u00fchrung erh\u00e4ltlich ist. Sehen Sie sich auch unsere verschiedenen Typen von Plakatw\u00e4nden an. <span style=\"color: #800000;\"><a style=\"color: #800000;\" href=\"https:\/\/cdiffprom.ch\/produit\/cadres-affichage-coins-chromes\/\">Plakatrahmen<\/a><\/span> die in vielen verschiedenen Gr\u00f6\u00dfen erh\u00e4ltlich sind.  <\/p>\n","protected":false},"excerpt":{"rendered":"<p>Stellen Sie sich Ihren Werbetr\u00e4ger selbst zusammen. Als Sonderangebot erhalten Sie den Rahmen bis zum Format A3 gratis.<\/p>\n","protected":false},"featured_media":103720,"template":"","meta":{"slim_seo":{"title":"Pfosten und Regal allein - Suisse - C.Diff-Prom","description":"Stellen Sie sich Ihren Werbetr\u00e4ger selbst zusammen. Als Sonderangebot erhalten Sie den Rahmen bis zum Format A3 gratis."}},"product_brand":[],"product_cat":[6342,6356,6411],"product_tag":[6585],"class_list":{"0":"post-106258","1":"product","2":"type-product","3":"status-publish","4":"has-post-thumbnail","6":"product_cat-anzeige","7":"product_cat-plakatstander-auf-fuss","8":"product_cat-promos-de","9":"product_tag-bodenplakatstander","11":"first","12":"instock","13":"taxable","14":"shipping-taxable","15":"purchasable","16":"product-type-variable"},"_links":{"self":[{"href":"https:\/\/cdiffprom.ch\/de\/wp-json\/wp\/v2\/product\/106258","targetHints":{"allow":["GET"]}}],"collection":[{"href":"https:\/\/cdiffprom.ch\/de\/wp-json\/wp\/v2\/product"}],"about":[{"href":"https:\/\/cdiffprom.ch\/de\/wp-json\/wp\/v2\/types\/product"}],"wp:featuredmedia":[{"embeddable":true,"href":"https:\/\/cdiffprom.ch\/de\/wp-json\/wp\/v2\/media\/103720"}],"wp:attachment":[{"href":"https:\/\/cdiffprom.ch\/de\/wp-json\/wp\/v2\/media?parent=106258"}],"wp:term":[{"taxonomy":"product_brand","embeddable":true,"href":"https:\/\/cdiffprom.ch\/de\/wp-json\/wp\/v2\/product_brand?post=106258"},{"taxonomy":"product_cat","embeddable":true,"href":"https:\/\/cdiffprom.ch\/de\/wp-json\/wp\/v2\/product_cat?post=106258"},{"taxonomy":"product_tag","embeddable":true,"href":"https:\/\/cdiffprom.ch\/de\/wp-json\/wp\/v2\/product_tag?post=106258"}],"curies":[{"name":"wp","href":"https:\/\/api.w.org\/{rel}","templated":true}]}}