{"id":106481,"date":"2019-07-26T12:00:41","date_gmt":"2019-07-26T10:00:41","guid":{"rendered":"https:\/\/cdiffprom.ch\/produit\/displaystaender-fuer-plakate-und-broschueren\/"},"modified":"2019-07-26T12:00:41","modified_gmt":"2019-07-26T10:00:41","slug":"displaystaender-fuer-plakate-und-broschueren","status":"publish","type":"product","link":"https:\/\/cdiffprom.ch\/de\/produit\/displaystaender-fuer-plakate-und-broschueren\/","title":{"rendered":"Displayst\u00e4nder f\u00fcr Plakate und Brosch\u00fcren"},"content":{"rendered":"<h3><strong><span style=\"color: #800000;\">Plakatst\u00e4nder und Brosch\u00fcren<\/span><\/strong><\/h3>\n<p>Mit diesen Plakat- und Brosch\u00fcrenst\u00e4ndern k\u00f6nnen Sie ein komplettes Plakatset zusammenstellen.<\/p>\n<p>Diese Serie bietet eine Vielzahl von M\u00f6glichkeiten, sowohl bei der Wahl der Prospektst\u00e4nder als auch bei der Wahl der Klickrahmen. Dieses System erm\u00f6glicht es Ihnen, die Anzahl der Rahmen oder Regale zu w\u00e4hlen, die Sie auf dem Pfosten anbringen m\u00f6chten, mit der M\u00f6glichkeit, ein- oder doppelseitige Rahmen zu verwenden. <\/p>\n<p>Sie sind daher ideal f\u00fcr die Einrichtung von Empfangs- und Ausstellungsbereichen. Au\u00dferdem ist die Pr\u00e4sentation und Verteilung von Dokumenten sehr einfach. <\/p>\n<p>Vorschlag f\u00fcr ein Set, 8 doppelseitige Regale :<\/p>\n<ul>\n<li>8 h\u00f6henverstellbare Regale,<\/li>\n<li>Fu\u00df und Sockel aus naturfarbenem, eloxiertem Aluminium.<\/li>\n<li>Schr\u00e4ge Regale aus 4 mm starkem, transparentem Plexiglas (H 32 x B 46 cm)<\/li>\n<li>4 cm Fassungsverm\u00f6gen f\u00fcr Dokumente auf der Kante des Regals<\/li>\n<li>Abmessungen Gestell H 190 x \u00d8 7 cm &#8211; Sockel \u00d8 45 cm<\/li>\n<li>Gewichteter Sockel, Gewicht 12 kg<\/li>\n<\/ul>\n<p>In Bezug auf diese Idee haben Sie die M\u00f6glichkeit, ein Regal durch einen oder mehrere Klickrahmen zu ersetzen, die von 29,7 x 42 cm bis 60 x 80 cm reichen. Diese Rahmen k\u00f6nnen auch im Hoch- oder Querformat verwendet werden, mit der M\u00f6glichkeit einer ein- oder doppelseitigen Zusammenstellung. <\/p>\n<p>Diese Plakat- und Brosch\u00fcrenst\u00e4nder werden komplett mit allen Zubeh\u00f6rteilen geliefert.<\/p>\n<p>Z\u00f6gern Sie nicht <span style=\"color: #800000;\"><a style=\"color: #800000;\" href=\"https:\/\/cdiffprom.ch\/elements\/contactez-nous\/\">kontaktieren Sie uns.<\/a><\/span>Wir werden sicher eine L\u00f6sung f\u00fcr Sie finden, um Ihnen ein Paket anzubieten, das auf Ihre Bed\u00fcrfnisse zugeschnitten ist.<\/p>\n<p>&nbsp;<\/p>\n","protected":false},"excerpt":{"rendered":"<p>Kommunizieren, pr\u00e4sentieren und zeigen Sie Ihre Kataloge und Prospekte<\/p>\n","protected":false},"featured_media":102324,"template":"","meta":{"slim_seo":{"title":"Displayst\u00e4nder f\u00fcr Plakate und Brosch\u00fcren - Suisse - C.Diff-Prom","description":"Kommunizieren, pr\u00e4sentieren und zeigen Sie Ihre Kataloge und Prospekte"}},"product_brand":[],"product_cat":[6342,6356],"product_tag":[6585,6364],"class_list":{"0":"post-106481","1":"product","2":"type-product","3":"status-publish","4":"has-post-thumbnail","6":"product_cat-anzeige","7":"product_cat-plakatstander-auf-fuss","8":"product_tag-bodenplakatstander","9":"product_tag-pos-materialien","11":"first","12":"instock","13":"taxable","14":"shipping-taxable","15":"purchasable","16":"product-type-variable"},"_links":{"self":[{"href":"https:\/\/cdiffprom.ch\/de\/wp-json\/wp\/v2\/product\/106481","targetHints":{"allow":["GET"]}}],"collection":[{"href":"https:\/\/cdiffprom.ch\/de\/wp-json\/wp\/v2\/product"}],"about":[{"href":"https:\/\/cdiffprom.ch\/de\/wp-json\/wp\/v2\/types\/product"}],"wp:featuredmedia":[{"embeddable":true,"href":"https:\/\/cdiffprom.ch\/de\/wp-json\/wp\/v2\/media\/102324"}],"wp:attachment":[{"href":"https:\/\/cdiffprom.ch\/de\/wp-json\/wp\/v2\/media?parent=106481"}],"wp:term":[{"taxonomy":"product_brand","embeddable":true,"href":"https:\/\/cdiffprom.ch\/de\/wp-json\/wp\/v2\/product_brand?post=106481"},{"taxonomy":"product_cat","embeddable":true,"href":"https:\/\/cdiffprom.ch\/de\/wp-json\/wp\/v2\/product_cat?post=106481"},{"taxonomy":"product_tag","embeddable":true,"href":"https:\/\/cdiffprom.ch\/de\/wp-json\/wp\/v2\/product_tag?post=106481"}],"curies":[{"name":"wp","href":"https:\/\/api.w.org\/{rel}","templated":true}]}}